{"id":4806,"date":"2023-05-11T14:41:53","date_gmt":"2023-05-11T11:41:53","guid":{"rendered":"https:\/\/arkpres.com\/kvkk-aydinlatma-metni\/"},"modified":"2024-01-24T16:14:44","modified_gmt":"2024-01-24T13:14:44","slug":"kvkk-aydinlatma-metni","status":"publish","type":"page","link":"https:\/\/arkpres.com\/tr\/kvkk-aydinlatma-metni\/","title":{"rendered":"KVKK Ayd\u0131nlatma Metni"},"content":{"rendered":"\t\t<div data-elementor-type=\"wp-page\" data-elementor-id=\"4806\" class=\"elementor elementor-4806 elementor-2042\" data-elementor-post-type=\"page\">\n\t\t\t\t\t\t<section class=\"elementor-section elementor-top-section elementor-element elementor-element-5df85db elementor-section-stretched elementor-section-boxed elementor-section-height-default elementor-section-height-default\" data-id=\"5df85db\" data-element_type=\"section\" data-settings=\"{&quot;stretch_section&quot;:&quot;section-stretched&quot;}\">\n\t\t\t\t\t\t<div class=\"elementor-container elementor-column-gap-default\">\n\t\t\t\t\t<div class=\"elementor-column elementor-col-100 elementor-top-column elementor-element elementor-element-6528f76\" data-id=\"6528f76\" data-element_type=\"column\">\n\t\t\t<div class=\"elementor-widget-wrap elementor-element-populated\">\n\t\t\t\t\t\t<div class=\"elementor-element elementor-element-6c81ad7 elementor-widget elementor-widget-text-editor\" data-id=\"6c81ad7\" data-element_type=\"widget\" data-widget_type=\"text-editor.default\">\n\t\t\t\t<div class=\"elementor-widget-container\">\n\t\t\t\t\t\t\t\t\t<p><b>ARK PRES EMN\u0130YET KEMER\u0130 SANAY\u0130 VE T\u0130CARET ANON\u0130M \u015e\u0130RKET\u0130<\/b><\/p><p><b>K\u0130\u015e\u0130SEL VER\u0130LER\u0130N KORUNMASI HAKKINDA AYDINLATMA METN\u0130<\/b><\/p><p><b>(GER\u00c7EK K\u0130\u015e\u0130 M\u00dc\u015eTER\u0130LER\/GER\u00c7EK K\u0130\u015e\u0130 M\u00dc\u015eTER\u0130 TEMS\u0130LC\u0130LER\u0130 \u0130LE T\u00dcZEL K\u0130\u015e\u0130 M\u00dc\u015eTER\u0130LER\u0130N GER\u00c7EK K\u0130\u015e\u0130 OLAN TEMS\u0130LC\u0130LER\u0130,GER\u00c7EK K\u0130\u015e\u0130 TEDAR\u0130K\u00c7\u0130 &#8211; \u0130\u015e ORTA\u011eI &#8211; DI\u015e H\u0130ZMET SA\u011eLAYICI VE T\u00dcZEL K\u0130\u015e\u0130 TEDAR\u0130K\u00c7\u0130-\u0130\u015e ORTA\u011eI- DI\u015e H\u0130ZMET SA\u011eLAYICININ GER\u00c7EK K\u0130\u015e\u0130 TEMS\u0130LC\u0130S\u0130)<\/b><\/p><p>\u00a0<\/p><p><u><b>VER\u0130 SORUMLUSU\u00a0 \u00a0 \u00a0 \u00a0 \u00a0 \u00a0 \u00a0 \u00a0 :<\/b><\/u> ARK PRES EMN\u0130YET KEMER\u0130 SANAY\u0130 VE T\u0130CARET ANON\u0130M \u015e\u0130RKET\u0130<\/p><p><u><b>ADRES\u0130\u00a0 \u00a0 \u00a0 \u00a0 \u00a0 \u00a0 \u00a0 \u00a0 \u00a0 \u00a0 \u00a0 \u00a0 \u00a0 \u00a0 \u00a0 \u00a0 \u00a0 \u00a0:<\/b><\/u> K\u00f6sek\u00f6y Mah. \u00c7uhane Cad. No:128 Kartepe \/ Kocaeli<\/p><p><u><b>\u0130RT\u0130BAT K\u0130\u015e\u0130S\u0130\u00a0 \u00a0 \u00a0 \u00a0 \u00a0 \u00a0 \u00a0 \u00a0 \u00a0 \u00a0 \u00a0 \u00a0:<\/b><\/u> Mustafa Hakan \u00c7AYO\u011eLU<\/p><p><u><b>ADRES\u0130\u00a0 \u00a0 \u00a0 \u00a0 \u00a0 \u00a0 \u00a0 \u00a0 \u00a0 \u00a0 \u00a0 \u00a0 \u00a0 \u00a0 \u00a0 \u00a0 \u00a0 \u00a0:<\/b><\/u> K\u00f6sek\u00f6y Mah. \u00c7uhane Cad. No:128 Kartepe \/ Kocaeli<\/p><p>6698 say\u0131l\u0131 Ki\u015fisel Verilerin Korunmas\u0131 Kanunu (\u201cKVKK\u201d) uyar\u0131nca, \u015eirketimiz taraf\u0131ndan, Veri Sorumlusu s\u0131fat\u0131yla a\u015fa\u011f\u0131da say\u0131lan ki\u015fisel verileriniz, i\u015f ama\u00e7lar\u0131yla ba\u011fl\u0131 olarak, a\u015fa\u011f\u0131da a\u00e7\u0131kland\u0131\u011f\u0131 \u00e7er\u00e7evede kullan\u0131lmak, kaydedilmek, saklanmak, g\u00fcncellenmek, aktar\u0131lmak ve\/veya s\u0131n\u0131fland\u0131r\u0131lmak suretiyle i\u015flenecektir. Bu kapsamda \u015eirketimiz taraf\u0131ndan ba\u015fta \u00f6zel hayat\u0131n gizlili\u011fi olmak \u00fczere, ki\u015filerin temel hak ve \u00f6zg\u00fcrl\u00fcklerini korumak ve ki\u015fisel verilerin korunmas\u0131 amac\u0131yla d\u00fczenlenen Kanun ve Y\u00f6netmelikler gere\u011fince \u015eirketimiz, ki\u015fisel verilerinizin hukuka ayk\u0131r\u0131 olarak i\u015flenmesini \u00f6nleme, hukuka ayk\u0131r\u0131 olarak eri\u015filmesini \u00f6nleme ve muhafazas\u0131n\u0131 sa\u011flama amac\u0131yla, uygun g\u00fcvenlik d\u00fczeyini temin etmeye y\u00f6nelik t\u00fcm teknik ve idari tedbirleri almaktad\u0131r.<\/p><p>A\u015fa\u011f\u0131da belirtti\u011fimiz ve taraf\u0131m\u0131za sa\u011flad\u0131\u011f\u0131n\u0131z ki\u015fisel verilerinizin her ko\u015fulda; duruma g\u00f6re a\u015fa\u011f\u0131da belirtilen \u015fekillerde elde etti\u011fimiz ki\u015fisel verilerinizin hukuki ili\u015fkilerimiz kapsam\u0131nda,<\/p><ul><li>Ticari ili\u015fkilerimiz kapsam\u0131nda veya sizlerle olan i\u015f ili\u015fkimiz dahilinde,<\/li><li>\u0130\u015flenmelerini gerektiren ama\u00e7 \u00e7er\u00e7evesinde ve bu ama\u00e7 ile ba\u011flant\u0131l\u0131, s\u0131n\u0131rl\u0131 ve \u00f6l\u00e7\u00fcl\u00fc \u015fekilde,<\/li><li>Taraf\u0131m\u0131za bildirdi\u011finiz veya bildirildi\u011fi \u015fekliyle ki\u015fisel verilerin do\u011frulu\u011funu koruyarak kaydedilece\u011fini, depolanaca\u011f\u0131n\u0131, muhafaza edilece\u011fini, yeniden d\u00fczenlenece\u011fini, kanunen bu ki\u015fisel verileri talep etmeye yetkili olan kurumlar ile payla\u015f\u0131laca\u011f\u0131n\u0131 ve Ki\u015fisel Verilerin Korunmas\u0131 Kanunu\u2019 nun (Bundan sonra \u201cKVKK\u201d olarak an\u0131lacakt\u0131r) \u00f6ng\u00f6rd\u00fc\u011f\u00fc \u015fartlarda, yurti\u00e7i veya yurtd\u0131\u015f\u0131 \u00fc\u00e7\u00fcnc\u00fc ki\u015filere aktar\u0131laca\u011f\u0131n\u0131, devredilece\u011fini, s\u0131n\u0131fland\u0131r\u0131labilece\u011fini ve KVKK\u2019 da say\u0131lan sair \u015fekillerde i\u015flenebilece\u011fini bildiririz.<\/li><\/ul><p>Bu metnin hedef kitlesi \u015eirketimiz ile ticari ili\u015fi i\u00e7erisinde yer alan ger\u00e7ek ki\u015fi i\u015fveren m\u00fc\u015fterilerimiz, bu ki\u015filerin \u00e7al\u0131\u015fanlar\u0131 ile t\u00fczel ki\u015fi i\u015fveren m\u00fc\u015fterilerimizin ger\u00e7ek ki\u015fi olan temsilci\/\u00e7al\u0131\u015fanlar\u0131, ger\u00e7ek ki\u015fi tedarik\u00e7i &#8211; i\u015f orta\u011f\u0131 &#8211; d\u0131\u015f hizmet sa\u011flay\u0131c\u0131 ve t\u00fczel ki\u015fi tedarik\u00e7i-i\u015f orta\u011f\u0131- d\u0131\u015f hizmet sa\u011flay\u0131c\u0131n\u0131n ger\u00e7ek ki\u015fi temsilcisidir.<\/p><p>Veri sorumlusu s\u0131fat\u0131yla i\u015flenen ki\u015fisel verilere, burada belirtilenlerle s\u0131n\u0131rl\u0131 say\u0131da olmamak \u00fczere a\u015fa\u011f\u0131da yer verilmektedir;<\/p><ul><li><strong>Kimlik verisi;<\/strong> Ad\u0131,soyad\u0131, T.C. Kimlik Numaras\u0131, Nuf\u00fcs C\u00fczdan Fotokopi ve i\u00e7erdi\u011fi bilgiler<\/li><li><strong>\u0130leti\u015fim verisi; <\/strong>Telefonu, e-postas\u0131, i\u015fyeri adresi<\/li><li><strong>Finansal veri;<\/strong> Banka hesap bilgileri, kredi kart\u0131 bilgileri, Vergi Dairesi, Vergi Numaras\u0131<\/li><li><strong>\u00c7al\u0131\u015fma verisi;<\/strong> \u00c7al\u0131\u015ft\u0131\u011f\u0131 \u015firket, departman\u0131, \u00e7al\u0131\u015fma \u015fekli, mesle\u011fi, unvan\u0131, imza sirk\u00fcleri, SGK giri\u015f bildirgesi,<\/li><li><strong>G\u00f6rsel ve \u0130\u015fitsel Veri; <\/strong>Foto\u011fraf, g\u00fcvenlik kamera kay\u0131tlar\u0131,<\/li><li><strong>Di\u011fer :<\/strong> Ara\u00e7 plakas\u0131<\/li><\/ul><p>\u00a0<\/p><p><b>Ki\u015fisel verilerin i\u015flenme \u015fekli ve hukuki sebepleri<\/b><\/p><p>\u015eirket olarak hukuki y\u00fck\u00fcml\u00fcl\u00fcklerimizi yerine getirmek, \u015firketinizle ve\/veya sizinle aram\u0131zdaki ticari ili\u015fki kapsam\u0131nda s\u00f6zle\u015fmenin ifas\u0131 ve \u015eirket\u2019in me\u015fru menfaati gere\u011fi, yasadan kaynaklanan nedenlerle, sizden ve\/veya \u015firketinizi temsilen di\u011fer temsilcilerden\/\u00e7al\u0131\u015fanlardan talep etti\u011fimiz ki\u015fisel verilerinizi, sizin taraf\u0131n\u0131zdan ve\/veya \u015firketinizin di\u011fer temsilcilerinin\/\u00e7al\u0131\u015fanlar\u0131 taraf\u0131ndan bize fiziksel veya elektronik ortamda iletilmesi yoluyla veya kameralar arac\u0131l\u0131\u011f\u0131yla fiziksel veya elektronik olarak topluyoruz.<\/p><p>\u00a0<\/p><p><b>Ki\u015fisel verilerin i\u015flenme amac\u0131<\/b><\/p><p>\u015eirketimiz taraf\u0131ndan ki\u015fisel verileriniz a\u015fa\u011f\u0131da belirtilen ama\u00e7 ve hukuki sebepler gibi ancak bunlarla s\u0131n\u0131rl\u0131 olmayan ama\u00e7 ve sebeplerle i\u015flenebilir. Ki\u015fisel verileriniz, faaliyet alan\u0131m\u0131z ve me\u015fru menfaatlerimizi korumak amac\u0131yla ba\u011fl\u0131 oldu\u011fumuz yasal mevzuatlarda belirtildi\u011fi s\u00fcre kadar muhafaza edilecektir<\/p><ul><li>Ticari ili\u015fki kapsam\u0131nda teklif olu\u015fturulmas\u0131,<\/li><li>Ticari ili\u015fki kapsam\u0131nda s\u00f6zle\u015fme haz\u0131rlanmas\u0131,<\/li><li>Ticari ili\u015fki ba\u011flam\u0131nda ileti\u015fimin sa\u011flanmas\u0131,<\/li><li>Mali y\u00fck\u00fcml\u00fcl\u00fck kapsam\u0131nda fatura kesilmesi,<\/li><li>Mali \u0130\u015fler kay\u0131tlar\u0131n\u0131n tutulmas\u0131,<\/li><li>\u00d6deme s\u00fcre\u00e7lerinin y\u00f6netilmesi,<\/li><li>Mal teslimi, nakliye gibi konulara ileti\u015fimin sa\u011flanmas\u0131,<\/li><li>Mal\u0131n veya hizmetin ifa edilece\u011fi adresin belirlenmesi,<\/li><li>B\u00fct\u00e7e y\u00f6netimi ve raporlama yap\u0131lmas\u0131<\/li><li>Tedarik\u00e7i, i\u015f ortaklar\u0131, d\u0131\u015f hizmet sa\u011flay\u0131c\u0131lar\u0131 ve m\u00fc\u015fteriler aras\u0131nda ileti\u015fim sa\u011flanmas\u0131,<\/li><li>Tedarik\u00e7i \u00e7al\u0131\u015fanlar\u0131ndan destek al\u0131nmas\u0131,<\/li><li>Hizmet\/s\u00f6zle\u015fme ifas\u0131na ili\u015fkin kalite kontrol\u00fc ve de\u011ferlendirmesi,<\/li><\/ul><p>\u00a0<\/p><p><b>K\u0130\u015e\u0130SEL VER\u0130LER\u0130N\u0130Z\u0130N YURT \u0130\u00c7\u0130NDEK\u0130 VE YURT DI\u015eINDAK\u0130 \u00dc\u00c7\u00dcNC\u00dc K\u0130\u015e\u0130LERLE PAYLA\u015eILMASI<\/b><\/p><p>G\u00fcvenli\u011finiz ve \u015eirketimizin yasalar kar\u015f\u0131s\u0131ndaki y\u00fck\u00fcml\u00fcl\u00fcklerini ifa etmesi amac\u0131yla ki\u015fisel verileriniz, \u0130\u015f Kanunu, \u0130\u015f\u00e7i Sa\u011fl\u0131\u011f\u0131 ve \u0130\u015f G\u00fcvenli\u011fi Kanunu, Sosyal Sigortalar ve Genel Sa\u011fl\u0131k Sigortas\u0131 Kanunu, \u0130nternet Ortam\u0131nda Yap\u0131lan Yay\u0131nlar\u0131n D\u00fczenlenmesi ve Bu Yay\u0131nlar Yoluyla \u0130\u015flenen Su\u00e7larla M\u00fccadele Edilmesi Hakk\u0131nda Kanun, T\u00fcrk Ticaret Kanunu, 6698 Say\u0131l\u0131 Ki\u015fisel Verilerin Korunmas\u0131 Kanunu, Kimlik Bildirme Kanunu ve fakat bununla s\u0131n\u0131rl\u0131 olmamak \u00fczere sair mevzuat h\u00fck\u00fcmleri izin verdi\u011fi ve gerektirdi\u011fi \u00f6l\u00e7\u00fcde ilgili kurum veya kurulu\u015flar; Ki\u015fisel Verileri Koruma Kurumu, Maliye Bakanl\u0131\u011f\u0131, G\u00fcmr\u00fck ve Ticaret Bakanl\u0131\u011f\u0131, \u00c7al\u0131\u015fma ve Sosyal G\u00fcvenlik Bakanl\u0131\u011f\u0131, T\u00fcrkiye \u0130\u015f Kurumu (\u0130\u015f Kur), Bilgi Teknolojileri ve \u0130leti\u015fim Kurumu gibi kamu t\u00fczel ki\u015fileri ile payla\u015f\u0131labilir. \u00d6rne\u011fin; fatura i\u015flemleri nedeni ile ki\u015fisel veriler Vergi Dairesi ile payla\u015f\u0131lmaktad\u0131r.<\/p><p>\u00a0<\/p><p><b>Ayr\u0131ca ki\u015fisel verilerinizi;<\/b><\/p><ul><li>\u00d6zel g\u00fcnlerinizde kutlamak ve tebrik etmek i\u00e7in size hediyeler g\u00f6nderebiliyoruz. Bu hediyeleri g\u00f6nderebilmemiz i\u00e7in gerekli olan \u00fc\u00e7\u00fcnc\u00fc ki\u015filerle (hediye g\u00f6nderen firma\/platform, kargo firmas\u0131 gibi) ad\u0131n\u0131z ve soyad\u0131n\u0131z, adresiniz ve telefon numaran\u0131z gibi hediyemizin size teslimi i\u00e7in gerekli ki\u015fisel verilerinizi payla\u015fabiliriz.<\/li><li>Ticari ili\u015fki kapsam\u0131nda promosyonlardan ve yeniliklerden haberdar etmek amac\u0131yla toplu e-posta, SMS g\u00f6ndermek i\u00e7in yurt i\u00e7inde ve yurt d\u0131\u015f\u0131nda bulunan \u00fc\u00e7\u00fcnc\u00fc ki\u015fi firmalarla \u00e7al\u0131\u015fmaktay\u0131z. Yaln\u0131z bu ama\u00e7 i\u00e7in gerekli ki\u015fisel verilerinizi bu firmalarla payla\u015fabiliriz.<\/li><li>\u00dcr\u00fcnlerin ya da ticari ili\u015fki kapsam\u0131nda teslim edilmesi gereken e\u015fya, belge vb \u015feylerin teslimi i\u00e7in nakliye firmalar\u0131, kargo firmalar\u0131, kurye gibi ki\u015fi ve kurumlara ki\u015fisel verilerinizi payla\u015fabiliriz.<\/li><li>Bankalar ile,<\/li><li>B\u00fct\u00e7e y\u00f6netimi, cari kart a\u00e7\u0131l\u0131\u015f\u0131, faturalama gibi muhasebe ve finansa ili\u015fkin i\u015flemlerin denetlenmesi ve raporlanmas\u0131 amac\u0131 ile bu amaca ula\u015fmak i\u00e7in gerekli olan ki\u015fisel verilerinizi, ba\u011fl\u0131 oldu\u011fumuz firmalara ve denetim firmalar\u0131na aktarabiliriz.<\/li><li>Muhasebeye ili\u015fkin ve finansal i\u015flemlerin y\u00f6netimi i\u00e7in kullan\u0131lan ilgili programa gerekli oldu\u011fu takdirde i\u015fleme amac\u0131na uygun ki\u015fisel verilerinizi i\u015fleyebiliriz. Bu verileriniz ise s\u00f6z konusu uygulaman\u0131n kendi veri kay\u0131t ortam\u0131na kaydedilebilmektedir.<\/li><li>Ki\u015fisel verilerinizi i\u00e7eren kay\u0131tlar\u0131n saklama s\u00fcresi boyunca tutulabilmesini sa\u011flamak amac\u0131yla ilgili kay\u0131tlar\u0131 bu hizmeti veren \u00fc\u00e7\u00fcnc\u00fc ki\u015fi ar\u015fiv firmalar\u0131na g\u00f6nderilebiliriz. \u2022 Ayr\u0131ca savunma hakk\u0131m\u0131z\u0131 kullanabilmemiz i\u00e7in avukatlar\u0131m\u0131za ve hukuka ve usule uygun olmas\u0131 ko\u015fuluyla mahkeme karar\u0131 veya delil talebi gibi hukuki talepleri yerine getirme y\u00fck\u00fcml\u00fcl\u00fc\u011f\u00fcm\u00fcz \u00e7er\u00e7evesinde ilgili kurumlarla payla\u015fabiliriz.<\/li><li>Ki\u015fisel verileriniz ticari ili\u015fki kapsam\u0131nda \u00f6rne\u011fin \u00fcr\u00fcnlerin nakliyesi, g\u00fcmr\u00fckleme vb i\u015flemler i\u00e7in yurt d\u0131\u015f\u0131 m\u00fc\u015fterilerimiz ile payla\u015f\u0131labilmektedir.<\/li><\/ul><p>\u00a0<\/p><p><b>KVKK\u2019n\u0131n 11. maddesi gere\u011fi haklar\u0131n\u0131z; \u015eirketimize ba\u015fvurarak, ki\u015fisel verilerinizin<\/b>;<\/p><ol><li>\u0130\u015flenip i\u015flenmedi\u011fini \u00f6\u011frenme,<\/li><li>\u0130\u015flenmi\u015fse bilgi talep etme,<\/li><li>\u0130\u015flenme amac\u0131n\u0131 ve amac\u0131na uygun kullan\u0131l\u0131p kullan\u0131lmad\u0131\u011f\u0131n\u0131 \u00f6\u011frenme,<\/li><li>Yurt i\u00e7inde \/ yurt d\u0131\u015f\u0131nda aktar\u0131ld\u0131\u011f\u0131 3. ki\u015fileri bilme,<\/li><li>Eksik \/ yanl\u0131\u015f i\u015flenmi\u015fse d\u00fczeltilmesini isteme,<\/li><li>KVKK\u2019n\u0131n 7. maddesinde \u00f6ng\u00f6r\u00fclen \u015fartlar \u00e7er\u00e7evesinde silinmesini \/ yok edilmesini isteme,<\/li><li>Aktar\u0131lan 3. ki\u015filere yukar\u0131da say\u0131lan (5) ve (6) bentler uyar\u0131nca yap\u0131lan i\u015flemlerin bildirilmesini isteme,<\/li><li>M\u00fcnhas\u0131ran otomatik sistemler ile analiz edilmesi nedeniyle aleyhinize bir sonucun ortaya \u00e7\u0131kmas\u0131na itiraz etme,<\/li><li>Kanuna ayk\u0131r\u0131 olarak i\u015flenmesi sebebiyle zarara u\u011framan\u0131z h\u00e2linde zarar\u0131n giderilmesini talep etme haklar\u0131na sahipsiniz. KVK Kanunu\u2019nun 13. maddesinin 1. f\u0131kras\u0131 gere\u011fince, yukar\u0131da belirtilen haklar\u0131n\u0131z\u0131 kullanmak ile ilgili talebinizi, yaz\u0131l\u0131 olarak veya Ki\u015fisel Verileri Koruma Kurulu\u2019nun belirledi\u011fi di\u011fer y\u00f6ntemlerle \u015eirketimize iletebilirsiniz.Ba\u015fvurunuzda yer alan talepleriniz, talebin niteli\u011fine g\u00f6re en ge\u00e7 otuz g\u00fcn i\u00e7inde \u00fccretsiz olarak sonu\u00e7land\u0131r\u0131lacakt\u0131r. Ancak, i\u015flemin \u015eirket i\u00e7in ayr\u0131ca bir maliyeti gerektirmesi h\u00e2linde, Ki\u015fisel Verileri Koruma Kurulu taraf\u0131ndan Veri Sorumlusuna Ba\u015fvuru Usul ve Esaslar\u0131 Hakk\u0131nda Tebli\u011f&#8217;de belirlenen tarifedeki \u00fccret al\u0131nabilir. \u015eirketimiz taraf\u0131ndan ba\u015fvurunun size ait olup olmad\u0131\u011f\u0131n\u0131n belirlenmesi ve b\u00f6ylece haklar\u0131n\u0131z\u0131 koruyabilmek amac\u0131yla ek do\u011frulamalar (kay\u0131tl\u0131 telefonunuza mesaj g\u00f6nderilmesi, aranman\u0131z gibi) istenebilir. Yukar\u0131da belirtilen haklar\u0131n\u0131z\u0131 kullanmak i\u00e7in kimli\u011finizi tespit edici gerekli bilgiler ile talep dilek\u00e7enizi K\u00f6sek\u00f6y Mah. \u00c7uhane Cad. No:128 Kartepe \/ Kocaeli adresindeki merkez ofisimize bizzat elden teslim edebilir, noter kanal\u0131yla veya Ki\u015fisel Verileri Koruma Kurulu taraf\u0131ndan belirlenen di\u011fer y\u00f6ntemler ile g\u00f6nderebilir veya info@arkpres.com kurumsal mail adresine iletebilirsiniz<\/li><\/ol>\t\t\t\t\t\t\t\t<\/div>\n\t\t\t\t<\/div>\n\t\t\t\t\t<\/div>\n\t\t<\/div>\n\t\t\t\t\t<\/div>\n\t\t<\/section>\n\t\t\t\t<\/div>\n\t\t","protected":false},"excerpt":{"rendered":"<p>Ki\u015fisel Verilerin Korunmas\u0131 Hakk\u0131nda Ayd\u0131nlata Metni<\/p>\n","protected":false},"author":1,"featured_media":4633,"parent":0,"menu_order":31,"comment_status":"closed","ping_status":"closed","template":"","meta":{"_eb_attr":"","inline_featured_image":false,"footnotes":""},"class_list":["post-4806","page","type-page","status-publish","has-post-thumbnail","hentry"],"_links":{"self":[{"href":"https:\/\/arkpres.com\/tr\/wp-json\/wp\/v2\/pages\/4806","targetHints":{"allow":["GET"]}}],"collection":[{"href":"https:\/\/arkpres.com\/tr\/wp-json\/wp\/v2\/pages"}],"about":[{"href":"https:\/\/arkpres.com\/tr\/wp-json\/wp\/v2\/types\/page"}],"author":[{"embeddable":true,"href":"https:\/\/arkpres.com\/tr\/wp-json\/wp\/v2\/users\/1"}],"replies":[{"embeddable":true,"href":"https:\/\/arkpres.com\/tr\/wp-json\/wp\/v2\/comments?post=4806"}],"version-history":[{"count":0,"href":"https:\/\/arkpres.com\/tr\/wp-json\/wp\/v2\/pages\/4806\/revisions"}],"wp:featuredmedia":[{"embeddable":true,"href":"https:\/\/arkpres.com\/tr\/wp-json\/wp\/v2\/media\/4633"}],"wp:attachment":[{"href":"https:\/\/arkpres.com\/tr\/wp-json\/wp\/v2\/media?parent=4806"}],"curies":[{"name":"wp","href":"https:\/\/api.w.org\/{rel}","templated":true}]}}